{"id":21909,"date":"2026-02-02T16:23:25","date_gmt":"2026-02-02T15:23:25","guid":{"rendered":"https:\/\/elalmacendeloza.com\/sin categor\u00eda\/individual-parentesis-oval-lino-resinado\/"},"modified":"2026-02-27T18:39:38","modified_gmt":"2026-02-27T17:39:38","slug":"individual-parentesis-oval-lino-resinado","status":"publish","type":"product","link":"https:\/\/old.elalmacendeloza.com\/en\/los-mas-deseados\/individual-parentesis-oval-lino-resinado\/","title":{"rendered":"Individual Par\u00e9ntesis Oval lino resinado"},"content":{"rendered":"<div class=\"container-description\">\n<div class=\"description\">\n<h3 class=\"title-description\"> Individuales de lino encerado <\/h3>\n<p>Elegantes individuales de lino encerado. F\u00e1ciles de limpiar  gracias al encerado se puede limpiar al momento con un pa\u00f1o h\u00famedo. Son ideales para diario o para ocasiones especiales. Disponibles en varios colores. <\/p>\n<h3 class=\"title-description\"> Caracter\u00edsticas:  <\/h3>\n<p> Medida: 48x39cm <\/p>\n<p>Material: Lino encerado<\/p>\n<\/p><\/div>\n<div class=\"square\">\n<h3 class=\"title-description\">Cuidados<\/h3>\n<ul class=\"ul-square\">\n<li class=\"li-square\"> Apto para lavador a lavado a 30 grados .<\/li>\n<li class=\"li-square\"> Se puede planchar por el lado que no esta resinado. <\/li>\n<\/ul><\/div>\n<\/div>\n","protected":false},"excerpt":{"rendered":"<p><span>48 x 39 cm<\/span><\/p>\n<p><\/p>\n","protected":false},"featured_media":21910,"comment_status":"open","ping_status":"closed","template":"","meta":[],"product_brand":[],"product_cat":[125,1473],"product_tag":[],"class_list":{"0":"post-21909","1":"product","2":"type-product","3":"status-publish","4":"has-post-thumbnail","6":"product_cat-individuales","7":"product_cat-los-mas-deseados","8":"pa_brand-gallina-mata","9":"pa_color-verde-cobre","10":"pa_tamano-48x39cm","12":"first","13":"instock","14":"taxable","15":"shipping-taxable","16":"purchasable","17":"product-type-simple"},"_links":{"self":[{"href":"https:\/\/old.elalmacendeloza.com\/en\/wp-json\/wp\/v2\/product\/21909","targetHints":{"allow":["GET"]}}],"collection":[{"href":"https:\/\/old.elalmacendeloza.com\/en\/wp-json\/wp\/v2\/product"}],"about":[{"href":"https:\/\/old.elalmacendeloza.com\/en\/wp-json\/wp\/v2\/types\/product"}],"replies":[{"embeddable":true,"href":"https:\/\/old.elalmacendeloza.com\/en\/wp-json\/wp\/v2\/comments?post=21909"}],"wp:featuredmedia":[{"embeddable":true,"href":"https:\/\/old.elalmacendeloza.com\/en\/wp-json\/wp\/v2\/media\/21910"}],"wp:attachment":[{"href":"https:\/\/old.elalmacendeloza.com\/en\/wp-json\/wp\/v2\/media?parent=21909"}],"wp:term":[{"taxonomy":"product_brand","embeddable":true,"href":"https:\/\/old.elalmacendeloza.com\/en\/wp-json\/wp\/v2\/product_brand?post=21909"},{"taxonomy":"product_cat","embeddable":true,"href":"https:\/\/old.elalmacendeloza.com\/en\/wp-json\/wp\/v2\/product_cat?post=21909"},{"taxonomy":"product_tag","embeddable":true,"href":"https:\/\/old.elalmacendeloza.com\/en\/wp-json\/wp\/v2\/product_tag?post=21909"}],"curies":[{"name":"wp","href":"https:\/\/api.w.org\/{rel}","templated":true}]}}